{"id":89,"date":"2026-03-04T08:23:37","date_gmt":"2026-03-04T08:23:37","guid":{"rendered":"https:\/\/rtvgastro.es\/?page_id=89"},"modified":"2026-04-30T06:10:14","modified_gmt":"2026-04-30T06:10:14","slug":"la-bodega-de-serxu-solares","status":"publish","type":"page","link":"https:\/\/rtvgastro.es\/en\/la-bodega-de-serxu-solares\/","title":{"rendered":"LA BODEGA DE SERXU SOLARES"},"content":{"rendered":"<div class=\"wp-block-group alignfull is-style-ext-preset--group--natural-1--section has-background-background-color has-background has-global-padding is-layout-constrained wp-container-core-group-is-layout-7276a2bb wp-block-group-is-layout-constrained is-style-ext-preset--group--natural-1--section--1\" style=\"margin-top:0;margin-bottom:0;padding-top:var(--wp--preset--spacing--60);padding-right:var(--wp--preset--spacing--30);padding-bottom:var(--wp--preset--spacing--60);padding-left:var(--wp--preset--spacing--30)\">\n<div class=\"wp-block-columns alignwide are-vertically-aligned-center has-secondary-background-color has-background is-layout-flex wp-container-core-columns-is-layout-47c06fe3 wp-block-columns-is-layout-flex\">\n<div class=\"wp-block-column is-vertically-aligned-center is-layout-flow wp-block-column-is-layout-flow\" style=\"flex-basis:60%\">\n<h2 class=\"wp-block-heading has-large-font-size\">SERXU SOLARES<\/h2>\n\n\n\n<p style=\"margin-top:8px\">En\u00f3logo y Asesor Gastron\u00f3mico<\/p>\n\n\n\n<p style=\"margin-top:16px\">Con una s\u00f3lida trayectoria en el mundo de la gastronom\u00eda de mas de 25 a\u00f1os, aporta un profundo conocimiento en cata y maridaje, facilitando la selecci\u00f3n diaria de productos gastron\u00f3micos para los consumidores y profesionales.<\/p>\n\n\n\n<ul class=\"wp-block-social-links has-normal-icon-size has-icon-color is-style-logos-only is-layout-flex wp-container-core-social-links-is-layout-ec7a6dbc wp-block-social-links-is-layout-flex\" style=\"margin-top:var(--wp--preset--spacing--30)\"><li style=\"color:#0B0620;\" class=\"wp-social-link wp-social-link-instagram has-foreground-color wp-block-social-link\"><a href=\"https:\/\/www.instagram.com\/serxusolares\" class=\"wp-block-social-link-anchor\"><svg width=\"24\" height=\"24\" viewbox=\"0 0 24 24\" version=\"1.1\" xmlns=\"http:\/\/www.w3.org\/2000\/svg\" aria-hidden=\"true\" focusable=\"false\"><path d=\"M12,4.622c2.403,0,2.688,0.009,3.637,0.052c0.877,0.04,1.354,0.187,1.671,0.31c0.42,0.163,0.72,0.358,1.035,0.673 c0.315,0.315,0.51,0.615,0.673,1.035c0.123,0.317,0.27,0.794,0.31,1.671c0.043,0.949,0.052,1.234,0.052,3.637 s-0.009,2.688-0.052,3.637c-0.04,0.877-0.187,1.354-0.31,1.671c-0.163,0.42-0.358,0.72-0.673,1.035 c-0.315,0.315-0.615,0.51-1.035,0.673c-0.317,0.123-0.794,0.27-1.671,0.31c-0.949,0.043-1.233,0.052-3.637,0.052 s-2.688-0.009-3.637-0.052c-0.877-0.04-1.354-0.187-1.671-0.31c-0.42-0.163-0.72-0.358-1.035-0.673 c-0.315-0.315-0.51-0.615-0.673-1.035c-0.123-0.317-0.27-0.794-0.31-1.671C4.631,14.688,4.622,14.403,4.622,12 s0.009-2.688,0.052-3.637c0.04-0.877,0.187-1.354,0.31-1.671c0.163-0.42,0.358-0.72,0.673-1.035 c0.315-0.315,0.615-0.51,1.035-0.673c0.317-0.123,0.794-0.27,1.671-0.31C9.312,4.631,9.597,4.622,12,4.622 M12,3 C9.556,3,9.249,3.01,8.289,3.054C7.331,3.098,6.677,3.25,6.105,3.472C5.513,3.702,5.011,4.01,4.511,4.511 c-0.5,0.5-0.808,1.002-1.038,1.594C3.25,6.677,3.098,7.331,3.054,8.289C3.01,9.249,3,9.556,3,12c0,2.444,0.01,2.751,0.054,3.711 c0.044,0.958,0.196,1.612,0.418,2.185c0.23,0.592,0.538,1.094,1.038,1.594c0.5,0.5,1.002,0.808,1.594,1.038 c0.572,0.222,1.227,0.375,2.185,0.418C9.249,20.99,9.556,21,12,21s2.751-0.01,3.711-0.054c0.958-0.044,1.612-0.196,2.185-0.418 c0.592-0.23,1.094-0.538,1.594-1.038c0.5-0.5,0.808-1.002,1.038-1.594c0.222-0.572,0.375-1.227,0.418-2.185 C20.99,14.751,21,14.444,21,12s-0.01-2.751-0.054-3.711c-0.044-0.958-0.196-1.612-0.418-2.185c-0.23-0.592-0.538-1.094-1.038-1.594 c-0.5-0.5-1.002-0.808-1.594-1.038c-0.572-0.222-1.227-0.375-2.185-0.418C14.751,3.01,14.444,3,12,3L12,3z M12,7.378 c-2.552,0-4.622,2.069-4.622,4.622S9.448,16.622,12,16.622s4.622-2.069,4.622-4.622S14.552,7.378,12,7.378z M12,15 c-1.657,0-3-1.343-3-3s1.343-3,3-3s3,1.343,3,3S13.657,15,12,15z M16.804,6.116c-0.596,0-1.08,0.484-1.08,1.08 s0.484,1.08,1.08,1.08c0.596,0,1.08-0.484,1.08-1.08S17.401,6.116,16.804,6.116z\"><\/path><\/svg><span class=\"wp-block-social-link-label screen-reader-text\">Instagram<\/span><\/a><\/li>\n\n<li style=\"color:#0B0620;\" class=\"wp-social-link wp-social-link-x has-foreground-color wp-block-social-link\"><a href=\"https:\/\/x.com\/serxusolares\" class=\"wp-block-social-link-anchor\"><svg width=\"24\" height=\"24\" viewbox=\"0 0 24 24\" version=\"1.1\" xmlns=\"http:\/\/www.w3.org\/2000\/svg\" aria-hidden=\"true\" focusable=\"false\"><path d=\"M13.982 10.622 20.54 3h-1.554l-5.693 6.618L8.745 3H3.5l6.876 10.007L3.5 21h1.554l6.012-6.989L15.868 21h5.245l-7.131-10.378Zm-2.128 2.474-.697-.997-5.543-7.93H8l4.474 6.4.697.996 5.815 8.318h-2.387l-4.745-6.787Z\" \/><\/svg><span class=\"wp-block-social-link-label screen-reader-text\">X<\/span><\/a><\/li>\n\n<li style=\"color:#0B0620;\" class=\"wp-social-link wp-social-link-youtube has-foreground-color wp-block-social-link\"><a href=\"https:\/\/www.youtube.com\/@SerxuSolares\" class=\"wp-block-social-link-anchor\"><svg width=\"24\" height=\"24\" viewbox=\"0 0 24 24\" version=\"1.1\" xmlns=\"http:\/\/www.w3.org\/2000\/svg\" aria-hidden=\"true\" focusable=\"false\"><path d=\"M21.8,8.001c0,0-0.195-1.378-0.795-1.985c-0.76-0.797-1.613-0.801-2.004-0.847c-2.799-0.202-6.997-0.202-6.997-0.202 h-0.009c0,0-4.198,0-6.997,0.202C4.608,5.216,3.756,5.22,2.995,6.016C2.395,6.623,2.2,8.001,2.2,8.001S2,9.62,2,11.238v1.517 c0,1.618,0.2,3.237,0.2,3.237s0.195,1.378,0.795,1.985c0.761,0.797,1.76,0.771,2.205,0.855c1.6,0.153,6.8,0.201,6.8,0.201 s4.203-0.006,7.001-0.209c0.391-0.047,1.243-0.051,2.004-0.847c0.6-0.607,0.795-1.985,0.795-1.985s0.2-1.618,0.2-3.237v-1.517 C22,9.62,21.8,8.001,21.8,8.001z M9.935,14.594l-0.001-5.62l5.404,2.82L9.935,14.594z\"><\/path><\/svg><span class=\"wp-block-social-link-label screen-reader-text\">YouTube<\/span><\/a><\/li>\n\n<li style=\"color:#0B0620;\" class=\"wp-social-link wp-social-link-facebook has-foreground-color wp-block-social-link\"><a href=\"https:\/\/www.facebook.com\/serxusolaresfanpage\/\" class=\"wp-block-social-link-anchor\"><svg width=\"24\" height=\"24\" viewbox=\"0 0 24 24\" version=\"1.1\" xmlns=\"http:\/\/www.w3.org\/2000\/svg\" aria-hidden=\"true\" focusable=\"false\"><path d=\"M12 2C6.5 2 2 6.5 2 12c0 5 3.7 9.1 8.4 9.9v-7H7.9V12h2.5V9.8c0-2.5 1.5-3.9 3.8-3.9 1.1 0 2.2.2 2.2.2v2.5h-1.3c-1.2 0-1.6.8-1.6 1.6V12h2.8l-.4 2.9h-2.3v7C18.3 21.1 22 17 22 12c0-5.5-4.5-10-10-10z\"><\/path><\/svg><span class=\"wp-block-social-link-label screen-reader-text\">Facebook<\/span><\/a><\/li>\n\n<li style=\"color:#0B0620;\" class=\"wp-social-link wp-social-link-tiktok has-foreground-color wp-block-social-link\"><a href=\"https:\/\/www.tiktok.com\/@serxusolares\" class=\"wp-block-social-link-anchor\"><svg width=\"24\" height=\"24\" viewbox=\"0 0 32 32\" version=\"1.1\" xmlns=\"http:\/\/www.w3.org\/2000\/svg\" aria-hidden=\"true\" focusable=\"false\"><path d=\"M16.708 0.027c1.745-0.027 3.48-0.011 5.213-0.027 0.105 2.041 0.839 4.12 2.333 5.563 1.491 1.479 3.6 2.156 5.652 2.385v5.369c-1.923-0.063-3.855-0.463-5.6-1.291-0.76-0.344-1.468-0.787-2.161-1.24-0.009 3.896 0.016 7.787-0.025 11.667-0.104 1.864-0.719 3.719-1.803 5.255-1.744 2.557-4.771 4.224-7.88 4.276-1.907 0.109-3.812-0.411-5.437-1.369-2.693-1.588-4.588-4.495-4.864-7.615-0.032-0.667-0.043-1.333-0.016-1.984 0.24-2.537 1.495-4.964 3.443-6.615 2.208-1.923 5.301-2.839 8.197-2.297 0.027 1.975-0.052 3.948-0.052 5.923-1.323-0.428-2.869-0.308-4.025 0.495-0.844 0.547-1.485 1.385-1.819 2.333-0.276 0.676-0.197 1.427-0.181 2.145 0.317 2.188 2.421 4.027 4.667 3.828 1.489-0.016 2.916-0.88 3.692-2.145 0.251-0.443 0.532-0.896 0.547-1.417 0.131-2.385 0.079-4.76 0.095-7.145 0.011-5.375-0.016-10.735 0.025-16.093z\" \/><\/svg><span class=\"wp-block-social-link-label screen-reader-text\">TikTok<\/span><\/a><\/li>\n\n<li style=\"color:#0B0620;\" class=\"wp-social-link wp-social-link-linkedin has-foreground-color wp-block-social-link\"><a href=\"https:\/\/www.linkedin.com\/in\/serxusolares\/\" class=\"wp-block-social-link-anchor\"><svg width=\"24\" height=\"24\" viewbox=\"0 0 24 24\" version=\"1.1\" xmlns=\"http:\/\/www.w3.org\/2000\/svg\" aria-hidden=\"true\" focusable=\"false\"><path d=\"M19.7,3H4.3C3.582,3,3,3.582,3,4.3v15.4C3,20.418,3.582,21,4.3,21h15.4c0.718,0,1.3-0.582,1.3-1.3V4.3 C21,3.582,20.418,3,19.7,3z M8.339,18.338H5.667v-8.59h2.672V18.338z M7.004,8.574c-0.857,0-1.549-0.694-1.549-1.548 c0-0.855,0.691-1.548,1.549-1.548c0.854,0,1.547,0.694,1.547,1.548C8.551,7.881,7.858,8.574,7.004,8.574z M18.339,18.338h-2.669 v-4.177c0-0.996-0.017-2.278-1.387-2.278c-1.389,0-1.601,1.086-1.601,2.206v4.249h-2.667v-8.59h2.559v1.174h0.037 c0.356-0.675,1.227-1.387,2.526-1.387c2.703,0,3.203,1.779,3.203,4.092V18.338z\"><\/path><\/svg><span class=\"wp-block-social-link-label screen-reader-text\">LinkedIn<\/span><\/a><\/li><\/ul>\n<\/div>\n\n\n\n<div class=\"wp-block-column is-vertically-aligned-center is-layout-flow wp-container-core-column-is-layout-f5bb311e wp-block-column-is-layout-flow\" style=\"flex-basis:50%\">\n<figure class=\"wp-block-image size-large is-style-ext-preset--image--natural-1--image-1--content-bottom is-style-ext-preset--image--natural-1--image-1--content-bottom--2\"><img loading=\"lazy\" decoding=\"async\" width=\"772\" height=\"1024\" src=\"https:\/\/rtvgastro.es\/wp-content\/uploads\/2026\/02\/IMG_8720-772x1024.jpg\" alt=\"Serxu Solares, en\u00f3logo y asesor gastron\u00f3mico\" class=\"wp-image-87\" style=\"aspect-ratio:1;object-fit:cover\" srcset=\"https:\/\/rtvgastro.es\/wp-content\/uploads\/2026\/02\/IMG_8720-772x1024.jpg 772w, https:\/\/rtvgastro.es\/wp-content\/uploads\/2026\/02\/IMG_8720-226x300.jpg 226w, https:\/\/rtvgastro.es\/wp-content\/uploads\/2026\/02\/IMG_8720-768x1019.jpg 768w, https:\/\/rtvgastro.es\/wp-content\/uploads\/2026\/02\/IMG_8720-9x12.jpg 9w, https:\/\/rtvgastro.es\/wp-content\/uploads\/2026\/02\/IMG_8720.jpg 880w\" sizes=\"auto, (max-width: 772px) 100vw, 772px\" \/><\/figure>\n<\/div>\n<\/div>\n<\/div>\n\n\n\n<div class=\"wp-block-group alignfull is-style-ext-preset--group--natural-1--section has-tertiary-background-color has-background has-global-padding is-layout-constrained wp-container-core-group-is-layout-e955bbaf wp-block-group-is-layout-constrained is-style-ext-preset--group--natural-1--section--3\" id=\"caracteristicas\" style=\"margin-top:0;margin-bottom:0;padding-top:var(--wp--preset--spacing--70);padding-bottom:var(--wp--preset--spacing--70)\">\n<div class=\"wp-block-group alignwide is-vertical is-layout-flex wp-container-core-group-is-layout-c35747d5 wp-block-group-is-layout-flex\">\n<div class=\"wp-block-group has-global-padding is-layout-constrained wp-container-core-group-is-layout-5e05634a wp-block-group-is-layout-constrained\">\n<h2 class=\"wp-block-heading\">LA BODEGA DE SERXU SOLARES<\/h2>\n\n\n\n<p class=\"has-text-align-left\">An\u00e1lisis en positivo de productos gastron\u00f3micos, de forma independiente, buscando la mejor calidad precio y clasific\u00e1ndolos con el fin de poder servir de gu\u00eda diaria para tu consumo seas profesional o consumidor<\/p>\n<\/div>\n<\/div>\n\n\n\n<div class=\"wp-block-group has-global-padding is-content-justification-left is-layout-constrained wp-container-core-group-is-layout-12dd3699 wp-block-group-is-layout-constrained\">\n<div class=\"wp-block-media-text is-stacked-on-mobile is-image-fill-element is-style-ext-preset--media-text--natural-1--card-1 is-style-ext-preset--media-text--natural-1--card-1--4\" style=\"grid-template-columns:34% auto\"><figure class=\"wp-block-media-text__media\"><img loading=\"lazy\" decoding=\"async\" width=\"768\" height=\"1024\" src=\"https:\/\/rtvgastro.es\/wp-content\/uploads\/2026\/04\/Adega-Borba-Premium-2022-Alentejo-768x1024.jpeg\" alt=\"Adega Borba Premium 2022 DOC Alentejo Portugal\" class=\"wp-image-4282 size-full\" style=\"object-position:50% 50%\" srcset=\"https:\/\/rtvgastro.es\/wp-content\/uploads\/2026\/04\/Adega-Borba-Premium-2022-Alentejo-768x1024.jpeg 768w, https:\/\/rtvgastro.es\/wp-content\/uploads\/2026\/04\/Adega-Borba-Premium-2022-Alentejo-225x300.jpeg 225w, https:\/\/rtvgastro.es\/wp-content\/uploads\/2026\/04\/Adega-Borba-Premium-2022-Alentejo-1152x1536.jpeg 1152w, https:\/\/rtvgastro.es\/wp-content\/uploads\/2026\/04\/Adega-Borba-Premium-2022-Alentejo-9x12.jpeg 9w, https:\/\/rtvgastro.es\/wp-content\/uploads\/2026\/04\/Adega-Borba-Premium-2022-Alentejo.jpeg 1200w\" sizes=\"auto, (max-width: 768px) 100vw, 768px\" \/><\/figure><div class=\"wp-block-media-text__content\">\n<div class=\"wp-block-group is-style-default has-secondary-background-color has-background has-global-padding is-content-justification-left is-layout-constrained wp-container-core-group-is-layout-faeee7b2 wp-block-group-is-layout-constrained\" style=\"padding-top:var(--wp--preset--spacing--40);padding-right:var(--wp--preset--spacing--30);padding-bottom:var(--wp--preset--spacing--40);padding-left:var(--wp--preset--spacing--30)\">\n<h3 class=\"wp-block-heading\" style=\"font-size:clamp(15.747px, 0.984rem + ((1vw - 3.2px) * 0.86), 24px);\">Adega Borba Premium 2022<\/h3>\n\n\n\n<p class=\"has-small-font-size\">Analizamos un tinto con 6 meses de barrica de una de las bodegas emblem\u00e1ticas del Alentejo portugues.<\/p>\n\n\n\n<p class=\"has-small-font-size\"><a href=\"https:\/\/rtvgastro.es\/en\/adega-de-borba-premium-2022\/\" title=\"\">An\u00e1lisis Completo<\/a><\/p>\n<\/div>\n<\/div><\/div>\n\n\n\n<div class=\"wp-block-media-text is-stacked-on-mobile is-image-fill-element is-style-ext-preset--media-text--natural-1--card-1 is-style-ext-preset--media-text--natural-1--card-1--5\" style=\"grid-template-columns:34% auto\"><figure class=\"wp-block-media-text__media\"><img loading=\"lazy\" decoding=\"async\" width=\"1200\" height=\"1600\" src=\"https:\/\/rtvgastro.es\/wp-content\/uploads\/2026\/04\/WhatsApp-Image-2026-04-16-at-19.24.08.jpeg\" alt=\"AOVE Hacienda El Palo elaborado en Jaen uno de los mejores aceites del mundo\" class=\"wp-image-4186 size-full\" style=\"object-position:50% 50%\"\/><\/figure><div class=\"wp-block-media-text__content\">\n<div class=\"wp-block-group is-style-default has-secondary-background-color has-background has-global-padding is-content-justification-left is-layout-constrained wp-container-core-group-is-layout-faeee7b2 wp-block-group-is-layout-constrained\" style=\"padding-top:var(--wp--preset--spacing--40);padding-right:var(--wp--preset--spacing--30);padding-bottom:var(--wp--preset--spacing--40);padding-left:var(--wp--preset--spacing--30)\">\n<h3 class=\"wp-block-heading\" style=\"font-size:clamp(15.747px, 0.984rem + ((1vw - 3.2px) * 0.86), 24px);\">AOVE Hacienda El Palo<\/h3>\n\n\n\n<p class=\"has-small-font-size\">Descubrimos una de las mejores almazaras del mundo y como no pod\u00eda ser de otra manera es espa\u00f1ola<\/p>\n\n\n\n<p class=\"has-small-font-size\"><a href=\"https:\/\/rtvgastro.es\/en\/aove-hacienda-el-palo\/\" title=\"\">An\u00e1lisis Completo<\/a><\/p>\n<\/div>\n<\/div><\/div>\n<\/div>\n\n\n\n<div class=\"wp-block-columns alignwide is-layout-flex wp-container-core-columns-is-layout-87beb0d0 wp-block-columns-is-layout-flex\">\n<div class=\"wp-block-column is-vertically-aligned-stretch is-layout-flow wp-container-core-column-is-layout-119bc444 wp-block-column-is-layout-flow\">\n<div class=\"wp-block-media-text is-stacked-on-mobile is-image-fill-element is-style-ext-preset--media-text--natural-1--card-1 has-background-background-color has-background is-style-ext-preset--media-text--natural-1--card-1--6\"><figure class=\"wp-block-media-text__media\"><a href=\"https:\/\/rtvgastro.es\/en\/duran-5-v-gran-reserva\/\"><img loading=\"lazy\" decoding=\"async\" width=\"768\" height=\"1024\" src=\"https:\/\/rtvgastro.es\/wp-content\/uploads\/2026\/03\/DURAN-5V-768x1024.jpg\" alt=\"Duran 5 varietales Gran Reserva Brut\" class=\"wp-image-1855 size-full\" style=\"object-position:50% 50%\" srcset=\"https:\/\/rtvgastro.es\/wp-content\/uploads\/2026\/03\/DURAN-5V-768x1023.jpg 768w, https:\/\/rtvgastro.es\/wp-content\/uploads\/2026\/03\/DURAN-5V-225x300.jpg 225w, https:\/\/rtvgastro.es\/wp-content\/uploads\/2026\/03\/DURAN-5V-9x12.jpg 9w, https:\/\/rtvgastro.es\/wp-content\/uploads\/2026\/03\/DURAN-5V.jpg 1013w\" sizes=\"auto, (max-width: 768px) 100vw, 768px\" \/><\/a><\/figure><div class=\"wp-block-media-text__content\">\n<div class=\"wp-block-group is-style-default has-secondary-background-color has-background has-global-padding is-layout-constrained wp-container-core-group-is-layout-9a7b35d3 wp-block-group-is-layout-constrained\" style=\"padding-top:var(--wp--preset--spacing--40);padding-right:var(--wp--preset--spacing--30);padding-bottom:var(--wp--preset--spacing--40);padding-left:var(--wp--preset--spacing--30)\">\n<h3 class=\"wp-block-heading\" style=\"font-size:clamp(15.747px, 0.984rem + ((1vw - 3.2px) * 0.86), 24px);\">Duran 5V Gran Reserva<\/h3>\n\n\n\n<p class=\"has-small-font-size\">Tengo la suerte de poder degustar una de esas joyas <\/p>\n\n\n\n<p class=\"has-small-font-size\"><a href=\"https:\/\/rtvgastro.es\/en\/duran-5-v-gran-reserva\/\">An\u00e1lisis Completo<\/a><\/p>\n<\/div>\n<\/div><\/div>\n<\/div>\n\n\n\n<div class=\"wp-block-column is-vertically-aligned-stretch is-layout-flow wp-container-core-column-is-layout-119bc444 wp-block-column-is-layout-flow\">\n<div class=\"wp-block-media-text is-stacked-on-mobile is-image-fill-element is-style-ext-preset--media-text--natural-1--card-1 has-background-background-color has-background is-style-ext-preset--media-text--natural-1--card-1--7\"><figure class=\"wp-block-media-text__media\"><a href=\"https:\/\/rtvgastro.es\/en\/tanqueray-noten\/\"><img loading=\"lazy\" decoding=\"async\" width=\"669\" height=\"1024\" src=\"https:\/\/rtvgastro.es\/wp-content\/uploads\/2026\/03\/Tanqueray-Ten-669x1024.jpg\" alt=\"Tanqueray n\u00ba TEn ginebra de gran calidad london dry\" class=\"wp-image-1828 size-full\" style=\"object-position:50% 50%\" srcset=\"https:\/\/rtvgastro.es\/wp-content\/uploads\/2026\/03\/Tanqueray-Ten-669x1024.jpg 669w, https:\/\/rtvgastro.es\/wp-content\/uploads\/2026\/03\/Tanqueray-Ten-196x300.jpg 196w, https:\/\/rtvgastro.es\/wp-content\/uploads\/2026\/03\/Tanqueray-Ten-768x1176.jpg 768w, https:\/\/rtvgastro.es\/wp-content\/uploads\/2026\/03\/Tanqueray-Ten-8x12.jpg 8w, https:\/\/rtvgastro.es\/wp-content\/uploads\/2026\/03\/Tanqueray-Ten.jpg 889w\" sizes=\"auto, (max-width: 669px) 100vw, 669px\" \/><\/a><\/figure><div class=\"wp-block-media-text__content\">\n<div class=\"wp-block-group is-style-default has-secondary-background-color has-background has-global-padding is-layout-constrained wp-container-core-group-is-layout-9a7b35d3 wp-block-group-is-layout-constrained\" style=\"padding-top:var(--wp--preset--spacing--40);padding-right:var(--wp--preset--spacing--30);padding-bottom:var(--wp--preset--spacing--40);padding-left:var(--wp--preset--spacing--30)\">\n<h3 class=\"wp-block-heading\" style=\"font-size:clamp(15.747px, 0.984rem + ((1vw - 3.2px) * 0.86), 24px);\">Tanqueray N\u00ba Ten<\/h3>\n\n\n\n<p class=\"has-small-font-size\">En el a\u00f1o 2000 nac\u00eda para el mercado norteamericano <\/p>\n\n\n\n<p class=\"has-small-font-size\"><a href=\"https:\/\/rtvgastro.es\/en\/tanqueray-noten\/\">An\u00e1lisis Completo<\/a><\/p>\n<\/div>\n<\/div><\/div>\n<\/div>\n<\/div>\n\n\n\n<div class=\"wp-block-columns alignwide is-layout-flex wp-container-core-columns-is-layout-87beb0d0 wp-block-columns-is-layout-flex\">\n<div class=\"wp-block-column is-vertically-aligned-stretch is-layout-flow wp-container-core-column-is-layout-119bc444 wp-block-column-is-layout-flow\">\n<div class=\"wp-block-media-text is-stacked-on-mobile is-image-fill-element is-style-ext-preset--media-text--natural-1--card-1 has-background-background-color has-background is-style-ext-preset--media-text--natural-1--card-1--8\"><figure class=\"wp-block-media-text__media\"><a href=\"https:\/\/rtvgastro.es\/en\/barbadillo-zerej-oloroso\/\"><img loading=\"lazy\" decoding=\"async\" width=\"1024\" height=\"1024\" src=\"https:\/\/rtvgastro.es\/wp-content\/uploads\/2026\/03\/Torpedo-IPA-1024x1024.png\" alt=\"Sierra Nevada Torpedo extra ipa cerveza artesana de USA\" class=\"wp-image-2750 size-full\" style=\"object-position:50% 50%\" srcset=\"https:\/\/rtvgastro.es\/wp-content\/uploads\/2026\/03\/Torpedo-IPA-1024x1024.png 1024w, https:\/\/rtvgastro.es\/wp-content\/uploads\/2026\/03\/Torpedo-IPA-300x300.png 300w, https:\/\/rtvgastro.es\/wp-content\/uploads\/2026\/03\/Torpedo-IPA-150x150.png 150w, https:\/\/rtvgastro.es\/wp-content\/uploads\/2026\/03\/Torpedo-IPA-768x768.png 768w, https:\/\/rtvgastro.es\/wp-content\/uploads\/2026\/03\/Torpedo-IPA-1536x1536.png 1536w, https:\/\/rtvgastro.es\/wp-content\/uploads\/2026\/03\/Torpedo-IPA-12x12.png 12w, https:\/\/rtvgastro.es\/wp-content\/uploads\/2026\/03\/Torpedo-IPA.png 2048w\" sizes=\"auto, (max-width: 1024px) 100vw, 1024px\" \/><\/a><\/figure><div class=\"wp-block-media-text__content\">\n<div class=\"wp-block-group is-style-default has-secondary-background-color has-background has-global-padding is-layout-constrained wp-container-core-group-is-layout-9a7b35d3 wp-block-group-is-layout-constrained\" style=\"padding-top:var(--wp--preset--spacing--40);padding-right:var(--wp--preset--spacing--30);padding-bottom:var(--wp--preset--spacing--40);padding-left:var(--wp--preset--spacing--30)\">\n<h3 class=\"wp-block-heading\" style=\"font-size:clamp(15.747px, 0.984rem + ((1vw - 3.2px) * 0.86), 24px);\">Sierra Nevada Torpedo<\/h3>\n\n\n\n<p class=\"has-small-font-size\">Sierra Nevada Brewing Co. Es una importante cervecera <\/p>\n\n\n\n<p class=\"has-small-font-size\"><a href=\"https:\/\/rtvgastro.es\/en\/sierra-nevada\/\" title=\"\">An\u00e1lisis Completo<\/a><\/p>\n<\/div>\n<\/div><\/div>\n<\/div>\n\n\n\n<div class=\"wp-block-column is-vertically-aligned-stretch is-layout-flow wp-container-core-column-is-layout-119bc444 wp-block-column-is-layout-flow\">\n<div class=\"wp-block-media-text is-stacked-on-mobile is-image-fill-element is-style-ext-preset--media-text--natural-1--card-1 has-background-background-color has-background is-style-ext-preset--media-text--natural-1--card-1--9\"><figure class=\"wp-block-media-text__media\"><img loading=\"lazy\" decoding=\"async\" width=\"1536\" height=\"2048\" src=\"https:\/\/rtvgastro.es\/wp-content\/uploads\/2026\/03\/picos-gourmet-obando.jpeg\" alt=\"picos gourmet obando pan artesano sevillano\" class=\"wp-image-2799 size-full\" style=\"object-position:50% 50%\"\/><\/figure><div class=\"wp-block-media-text__content\">\n<div class=\"wp-block-group is-style-default has-secondary-background-color has-background has-global-padding is-layout-constrained wp-container-core-group-is-layout-9a7b35d3 wp-block-group-is-layout-constrained\" style=\"padding-top:var(--wp--preset--spacing--40);padding-right:var(--wp--preset--spacing--30);padding-bottom:var(--wp--preset--spacing--40);padding-left:var(--wp--preset--spacing--30)\">\n<h3 class=\"wp-block-heading\" style=\"font-size:clamp(15.747px, 0.984rem + ((1vw - 3.2px) * 0.86), 24px);\">Obando Picos Gourmet<\/h3>\n\n\n\n<p class=\"has-small-font-size\">La realidad es que un d\u00eda me encontr\u00e9 por casualidad<\/p>\n\n\n\n<p class=\"has-small-font-size\"><a href=\"https:\/\/rtvgastro.es\/en\/picos-gourmet-obando\/\" title=\"\">An\u00e1lisis Completo<\/a><\/p>\n<\/div>\n<\/div><\/div>\n<\/div>\n<\/div>\n\n\n\n<div class=\"wp-block-columns alignwide is-layout-flex wp-container-core-columns-is-layout-87beb0d0 wp-block-columns-is-layout-flex\">\n<div class=\"wp-block-column is-vertically-aligned-stretch is-layout-flow wp-container-core-column-is-layout-119bc444 wp-block-column-is-layout-flow\">\n<div class=\"wp-block-media-text is-stacked-on-mobile is-image-fill-element is-style-ext-preset--media-text--natural-1--card-1 has-background-background-color has-background is-style-ext-preset--media-text--natural-1--card-1--10\"><figure class=\"wp-block-media-text__media\"><a href=\"https:\/\/rtvgastro.es\/en\/barbadillo-zerej-oloroso\/\"><img loading=\"lazy\" decoding=\"async\" width=\"768\" height=\"1024\" src=\"https:\/\/rtvgastro.es\/wp-content\/uploads\/2026\/03\/barbadillo-zerej-oloroso-768x1024.jpg\" alt=\"Zerej Oloroso de Barbadillo de Sanl\u00facar de Barrameda\" class=\"wp-image-1821 size-full\" style=\"object-position:50% 50%\" srcset=\"https:\/\/rtvgastro.es\/wp-content\/uploads\/2026\/03\/barbadillo-zerej-oloroso-768x1024.jpg 768w, https:\/\/rtvgastro.es\/wp-content\/uploads\/2026\/03\/barbadillo-zerej-oloroso-225x300.jpg 225w, https:\/\/rtvgastro.es\/wp-content\/uploads\/2026\/03\/barbadillo-zerej-oloroso-1152x1536.jpg 1152w, https:\/\/rtvgastro.es\/wp-content\/uploads\/2026\/03\/barbadillo-zerej-oloroso-1536x2048.jpg 1536w, https:\/\/rtvgastro.es\/wp-content\/uploads\/2026\/03\/barbadillo-zerej-oloroso-9x12.jpg 9w, https:\/\/rtvgastro.es\/wp-content\/uploads\/2026\/03\/barbadillo-zerej-oloroso-scaled.jpg 1920w\" sizes=\"auto, (max-width: 768px) 100vw, 768px\" \/><\/a><\/figure><div class=\"wp-block-media-text__content\">\n<div class=\"wp-block-group is-style-default has-secondary-background-color has-background has-global-padding is-layout-constrained wp-container-core-group-is-layout-9a7b35d3 wp-block-group-is-layout-constrained\" style=\"padding-top:var(--wp--preset--spacing--40);padding-right:var(--wp--preset--spacing--30);padding-bottom:var(--wp--preset--spacing--40);padding-left:var(--wp--preset--spacing--30)\">\n<h3 class=\"wp-block-heading\" style=\"font-size:clamp(15.747px, 0.984rem + ((1vw - 3.2px) * 0.86), 24px);\">Barbadillo Zerej Oloroso<\/h3>\n\n\n\n<p class=\"has-small-font-size\">Barbadillo es una bodega que nunca deja a nadie indiferente<\/p>\n\n\n\n<p class=\"has-small-font-size\"><a href=\"https:\/\/rtvgastro.es\/en\/barbadillo-zerej-oloroso\/\">An\u00e1lisis Completo<\/a><\/p>\n<\/div>\n<\/div><\/div>\n<\/div>\n\n\n\n<div class=\"wp-block-column is-vertically-aligned-stretch is-layout-flow wp-container-core-column-is-layout-119bc444 wp-block-column-is-layout-flow\">\n<div class=\"wp-block-media-text is-stacked-on-mobile is-image-fill-element is-style-ext-preset--media-text--natural-1--card-1 has-background-background-color has-background is-style-ext-preset--media-text--natural-1--card-1--11\"><figure class=\"wp-block-media-text__media\"><img loading=\"lazy\" decoding=\"async\" width=\"227\" height=\"756\" src=\"https:\/\/rtvgastro.es\/wp-content\/uploads\/2026\/03\/enate-reserva-privada-2016.jpg\" alt=\"Enarte Reserva Privada 2020 un vino exclusivo para los socios de vinoselecci\u00f3n\" class=\"wp-image-1808 size-full\" style=\"object-position:50% 50%\" srcset=\"https:\/\/rtvgastro.es\/wp-content\/uploads\/2026\/03\/enate-reserva-privada-2016.jpg 227w, https:\/\/rtvgastro.es\/wp-content\/uploads\/2026\/03\/enate-reserva-privada-2016-90x300.jpg 90w, https:\/\/rtvgastro.es\/wp-content\/uploads\/2026\/03\/enate-reserva-privada-2016-4x12.jpg 4w\" sizes=\"auto, (max-width: 227px) 100vw, 227px\" \/><\/figure><div class=\"wp-block-media-text__content\">\n<div class=\"wp-block-group is-style-default has-secondary-background-color has-background has-global-padding is-layout-constrained wp-container-core-group-is-layout-9a7b35d3 wp-block-group-is-layout-constrained\" style=\"padding-top:var(--wp--preset--spacing--40);padding-right:var(--wp--preset--spacing--30);padding-bottom:var(--wp--preset--spacing--40);padding-left:var(--wp--preset--spacing--30)\">\n<h3 class=\"wp-block-heading\" style=\"font-size:clamp(15.747px, 0.984rem + ((1vw - 3.2px) * 0.86), 24px);\">Enate Reserva 2020<\/h3>\n\n\n\n<p class=\"has-small-font-size\">Enate es una de esas bodegas que un d\u00eda lleg\u00f3 a mi vida&#8230; <\/p>\n\n\n\n<p class=\"has-small-font-size\"><a href=\"https:\/\/rtvgastro.es\/en\/enate-coleccion-privada-2016\/\">An\u00e1lisis Completo<\/a><\/p>\n<\/div>\n<\/div><\/div>\n<\/div>\n<\/div>\n<\/div>\n\n\n\n<div class=\"wp-block-group alignfull is-style-ext-preset--group--natural-1--section has-tertiary-background-color has-background has-global-padding is-layout-constrained wp-container-core-group-is-layout-e96f6837 wp-block-group-is-layout-constrained is-style-ext-preset--group--natural-1--section--12\" style=\"margin-top:0;margin-bottom:0;padding-top:0;padding-right:0;padding-bottom:0;padding-left:0\"><\/div>","protected":false},"excerpt":{"rendered":"<p>SERXU SOLARES En\u00f3logo y Asesor Gastron\u00f3mico Con una s\u00f3lida trayectoria en el mundo de la gastronom\u00eda de mas de 25 a\u00f1os, aporta un profundo conocimiento en cata y maridaje, facilitando la selecci\u00f3n diaria de productos gastron\u00f3micos para los consumidores y profesionales. LA BODEGA DE SERXU SOLARES An\u00e1lisis en positivo de productos gastron\u00f3micos, de forma independiente, [&hellip;]<\/p>\n","protected":false},"author":1,"featured_media":0,"parent":0,"menu_order":0,"comment_status":"closed","ping_status":"closed","template":"page-with-title","meta":{"_monsterinsights_skip_tracking":false,"_monsterinsights_sitenote_active":false,"_monsterinsights_sitenote_note":"","_monsterinsights_sitenote_category":0,"_uf_show_specific_survey":0,"_uf_disable_surveys":false,"footnotes":""},"class_list":["post-89","page","type-page","status-publish","hentry"],"aioseo_notices":[],"_links":{"self":[{"href":"https:\/\/rtvgastro.es\/en\/wp-json\/wp\/v2\/pages\/89","targetHints":{"allow":["GET"]}}],"collection":[{"href":"https:\/\/rtvgastro.es\/en\/wp-json\/wp\/v2\/pages"}],"about":[{"href":"https:\/\/rtvgastro.es\/en\/wp-json\/wp\/v2\/types\/page"}],"author":[{"embeddable":true,"href":"https:\/\/rtvgastro.es\/en\/wp-json\/wp\/v2\/users\/1"}],"replies":[{"embeddable":true,"href":"https:\/\/rtvgastro.es\/en\/wp-json\/wp\/v2\/comments?post=89"}],"version-history":[{"count":168,"href":"https:\/\/rtvgastro.es\/en\/wp-json\/wp\/v2\/pages\/89\/revisions"}],"predecessor-version":[{"id":4309,"href":"https:\/\/rtvgastro.es\/en\/wp-json\/wp\/v2\/pages\/89\/revisions\/4309"}],"wp:attachment":[{"href":"https:\/\/rtvgastro.es\/en\/wp-json\/wp\/v2\/media?parent=89"}],"curies":[{"name":"wp","href":"https:\/\/api.w.org\/{rel}","templated":true}]}}