{"id":442,"date":"2026-03-04T08:20:48","date_gmt":"2026-03-04T08:20:48","guid":{"rendered":"https:\/\/rtvgastro.es\/?page_id=442"},"modified":"2026-04-13T06:52:29","modified_gmt":"2026-04-13T06:52:29","slug":"inicio-2","status":"publish","type":"page","link":"https:\/\/rtvgastro.es\/en\/","title":{"rendered":"INICIO"},"content":{"rendered":"<h2 class=\"wp-block-heading has-secondary-background-color has-background has-large-font-size\">Bienvenid@ a la Comunicaci\u00f3n Gastron\u00f3mica<\/h2>\n\n\n\n<div class=\"wp-block-group alignfull is-style-ext-preset--group--natural-1--section has-background-background-color has-background has-global-padding is-layout-constrained wp-container-core-group-is-layout-f72f1611 wp-block-group-is-layout-constrained is-style-ext-preset--group--natural-1--section--1\" id=\"galeria\" style=\"margin-top:0;margin-bottom:0;padding-top:var(--wp--preset--spacing--70);padding-bottom:var(--wp--preset--spacing--70)\">\n<div class=\"wp-block-query is-layout-flow wp-block-query-is-layout-flow\"><ul class=\"columns-2 wp-block-post-template is-layout-grid wp-container-core-post-template-is-layout-02493678 wp-block-post-template-is-layout-grid\"><li class=\"wp-block-post post-4252 post type-post status-publish format-standard has-post-thumbnail hentry category-labodegadeserxusolares tag-adega tag-alentejo tag-portugal\">\n<figure style=\"aspect-ratio:1;width:300px;height:300px; margin-top:0;margin-bottom:0;margin-left:0;margin-right:0;\" class=\"alignwide wp-block-post-featured-image\"><a href=\"https:\/\/rtvgastro.es\/en\/adega-de-borba-premium-2022\/\" target=\"_self\"  style=\"height:300px\"><img loading=\"lazy\" decoding=\"async\" width=\"1200\" height=\"1600\" src=\"https:\/\/rtvgastro.es\/wp-content\/uploads\/2026\/04\/Adega-Borba-Premium-2022-Alentejo.jpeg\" class=\"attachment-full size-full wp-post-image\" alt=\"Adega de Borba Premium 2022\" style=\"width:100%;height:100%;object-fit:cover;\" srcset=\"https:\/\/rtvgastro.es\/wp-content\/uploads\/2026\/04\/Adega-Borba-Premium-2022-Alentejo.jpeg 1200w, https:\/\/rtvgastro.es\/wp-content\/uploads\/2026\/04\/Adega-Borba-Premium-2022-Alentejo-225x300.jpeg 225w, https:\/\/rtvgastro.es\/wp-content\/uploads\/2026\/04\/Adega-Borba-Premium-2022-Alentejo-768x1024.jpeg 768w, https:\/\/rtvgastro.es\/wp-content\/uploads\/2026\/04\/Adega-Borba-Premium-2022-Alentejo-1152x1536.jpeg 1152w, https:\/\/rtvgastro.es\/wp-content\/uploads\/2026\/04\/Adega-Borba-Premium-2022-Alentejo-9x12.jpeg 9w\" sizes=\"auto, (max-width: 1200px) 100vw, 1200px\" \/><\/a><\/figure>\n\n<h6 class=\"wp-block-post-title has-background has-vertical-secondary-to-tertiary-gradient-background has-small-font-size\"><a href=\"https:\/\/rtvgastro.es\/en\/adega-de-borba-premium-2022\/\" target=\"_self\" >Adega de Borba Premium 2022<\/a><\/h6>\n\n\n<details class=\"wp-block-details is-layout-flow wp-block-details-is-layout-flow\" open><summary><\/summary><div class=\"wp-block-post-excerpt has-small-font-size\"><p class=\"wp-block-post-excerpt__excerpt\">A finales del 2025 me dej\u00e9 caer por tierras portuguesas para descubrir la regi\u00f3n&hellip; <\/p><\/div><\/details>\n\n\n\n<hr class=\"wp-block-separator has-css-opacity\"\/>\n\n<\/li><li class=\"wp-block-post post-4224 post type-post status-publish format-standard has-post-thumbnail hentry category-noticias category-vinos tag-malaga tag-museo tag-vino\">\n<figure style=\"aspect-ratio:1;width:300px;height:300px; margin-top:0;margin-bottom:0;margin-left:0;margin-right:0;\" class=\"alignwide wp-block-post-featured-image\"><a href=\"https:\/\/rtvgastro.es\/en\/el-museo-del-vino-malaga-incorpora-una-importante-donacion-documental\/\" target=\"_self\"  style=\"height:300px\"><img loading=\"lazy\" decoding=\"async\" width=\"526\" height=\"454\" src=\"https:\/\/rtvgastro.es\/wp-content\/uploads\/2026\/04\/Recepcion-donacion.jpg\" class=\"attachment-full size-full wp-post-image\" alt=\"El Museo del Vino M\u00e1laga incorpora una importante donaci\u00f3n documental\" style=\"width:100%;height:100%;object-fit:cover;\" srcset=\"https:\/\/rtvgastro.es\/wp-content\/uploads\/2026\/04\/Recepcion-donacion.jpg 526w, https:\/\/rtvgastro.es\/wp-content\/uploads\/2026\/04\/Recepcion-donacion-300x259.jpg 300w, https:\/\/rtvgastro.es\/wp-content\/uploads\/2026\/04\/Recepcion-donacion-14x12.jpg 14w\" sizes=\"auto, (max-width: 526px) 100vw, 526px\" \/><\/a><\/figure>\n\n<h6 class=\"wp-block-post-title has-background has-vertical-secondary-to-tertiary-gradient-background has-small-font-size\"><a href=\"https:\/\/rtvgastro.es\/en\/el-museo-del-vino-malaga-incorpora-una-importante-donacion-documental\/\" target=\"_self\" >El Museo del Vino M\u00e1laga incorpora una importante donaci\u00f3n documental<\/a><\/h6>\n\n\n<details class=\"wp-block-details is-layout-flow wp-block-details-is-layout-flow\" open><summary><\/summary><div class=\"wp-block-post-excerpt has-small-font-size\"><p class=\"wp-block-post-excerpt__excerpt\">Redacci\u00f3n Este conjunto documental, donado por Stefan Alveno Persili, m\u00e9dico y coleccionista suizo, constituye&hellip; <\/p><\/div><\/details>\n\n\n\n<hr class=\"wp-block-separator has-css-opacity\"\/>\n\n<\/li><li class=\"wp-block-post post-4135 post type-post status-publish format-standard has-post-thumbnail hentry category-labodegadeserxusolares tag-aove tag-cata tag-jaen\">\n<figure style=\"aspect-ratio:1;width:300px;height:300px; margin-top:0;margin-bottom:0;margin-left:0;margin-right:0;\" class=\"alignwide wp-block-post-featured-image\"><a href=\"https:\/\/rtvgastro.es\/en\/aove-hacienda-el-palo\/\" target=\"_self\"  style=\"height:300px\"><img loading=\"lazy\" decoding=\"async\" width=\"1200\" height=\"1600\" src=\"https:\/\/rtvgastro.es\/wp-content\/uploads\/2026\/04\/WhatsApp-Image-2026-04-16-at-19.24.08.jpeg\" class=\"attachment-full size-full wp-post-image\" alt=\"AOVE Hacienda El Palo\" style=\"width:100%;height:100%;object-fit:cover;\" \/><\/a><\/figure>\n\n<h6 class=\"wp-block-post-title has-background has-vertical-secondary-to-tertiary-gradient-background has-small-font-size\"><a href=\"https:\/\/rtvgastro.es\/en\/aove-hacienda-el-palo\/\" target=\"_self\" >AOVE Hacienda El Palo<\/a><\/h6>\n\n\n<details class=\"wp-block-details is-layout-flow wp-block-details-is-layout-flow\" open><summary><\/summary><div class=\"wp-block-post-excerpt has-small-font-size\"><p class=\"wp-block-post-excerpt__excerpt\">Serxu Solares @serxusolares La almazara Hacienda El Palo, situada en el coraz\u00f3n de la&hellip; <\/p><\/div><\/details>\n\n\n\n<hr class=\"wp-block-separator has-css-opacity\"\/>\n\n<\/li><li class=\"wp-block-post post-4100 post type-post status-publish format-standard has-post-thumbnail hentry category-noticias tag-galardones tag-sant-jordi tag-torres\">\n<figure style=\"aspect-ratio:1;width:300px;height:300px; margin-top:0;margin-bottom:0;margin-left:0;margin-right:0;\" class=\"alignwide wp-block-post-featured-image\"><a href=\"https:\/\/rtvgastro.es\/en\/creu-de-sant-jordi-por-su-contribucion-a-la-viticultura-y-al-territorio\/\" target=\"_self\"  style=\"height:300px\"><img loading=\"lazy\" decoding=\"async\" width=\"2560\" height=\"1707\" src=\"https:\/\/rtvgastro.es\/wp-content\/uploads\/2026\/04\/FAMILIA_TORRES-Miguel_A_Torres_Riera-scaled.jpg\" class=\"attachment-full size-full wp-post-image\" alt=\"Creu de Sant Jordi por su contribuci\u00f3n a la viticultura y al territorio\" style=\"width:100%;height:100%;object-fit:cover;\" srcset=\"https:\/\/rtvgastro.es\/wp-content\/uploads\/2026\/04\/FAMILIA_TORRES-Miguel_A_Torres_Riera-scaled.jpg 2560w, https:\/\/rtvgastro.es\/wp-content\/uploads\/2026\/04\/FAMILIA_TORRES-Miguel_A_Torres_Riera-300x200.jpg 300w, https:\/\/rtvgastro.es\/wp-content\/uploads\/2026\/04\/FAMILIA_TORRES-Miguel_A_Torres_Riera-1024x683.jpg 1024w, https:\/\/rtvgastro.es\/wp-content\/uploads\/2026\/04\/FAMILIA_TORRES-Miguel_A_Torres_Riera-768x512.jpg 768w, https:\/\/rtvgastro.es\/wp-content\/uploads\/2026\/04\/FAMILIA_TORRES-Miguel_A_Torres_Riera-1536x1024.jpg 1536w, https:\/\/rtvgastro.es\/wp-content\/uploads\/2026\/04\/FAMILIA_TORRES-Miguel_A_Torres_Riera-2048x1365.jpg 2048w, https:\/\/rtvgastro.es\/wp-content\/uploads\/2026\/04\/FAMILIA_TORRES-Miguel_A_Torres_Riera-18x12.jpg 18w\" sizes=\"auto, (max-width: 2560px) 100vw, 2560px\" \/><\/a><\/figure>\n\n<h6 class=\"wp-block-post-title has-background has-vertical-secondary-to-tertiary-gradient-background has-small-font-size\"><a href=\"https:\/\/rtvgastro.es\/en\/creu-de-sant-jordi-por-su-contribucion-a-la-viticultura-y-al-territorio\/\" target=\"_self\" >Creu de Sant Jordi por su contribuci\u00f3n a la viticultura y al territorio<\/a><\/h6>\n\n\n<details class=\"wp-block-details is-layout-flow wp-block-details-is-layout-flow\" open><summary><\/summary><div class=\"wp-block-post-excerpt has-small-font-size\"><p class=\"wp-block-post-excerpt__excerpt\">Redacci\u00f3n Miguel A. Torres, presidente de Familia Torres y miembro de la cuarta generaci\u00f3n,&hellip; <\/p><\/div><\/details>\n\n\n\n<hr class=\"wp-block-separator has-css-opacity\"\/>\n\n<\/li><\/ul><\/div>\n\n\n\n<div class=\"wp-block-group alignfull is-style-ext-preset--group--natural-1--section has-tertiary-background-color has-background has-global-padding is-layout-constrained wp-container-core-group-is-layout-f72f1611 wp-block-group-is-layout-constrained is-style-ext-preset--group--natural-1--section--2\" id=\"caracteristicas\" style=\"margin-top:0;margin-bottom:0;padding-top:var(--wp--preset--spacing--70);padding-bottom:var(--wp--preset--spacing--70)\">\n<div class=\"wp-block-columns alignwide is-layout-flex wp-container-core-columns-is-layout-08c01c1c wp-block-columns-is-layout-flex\">\n<div class=\"wp-block-column is-vertically-aligned-stretch is-layout-flow wp-container-core-column-is-layout-f5bb311e wp-block-column-is-layout-flow\">\n<div class=\"wp-block-group is-style-ext-preset--group--natural-1--item-card-1--align-start has-secondary-background-color has-background has-global-padding is-layout-constrained wp-block-group-is-layout-constrained is-style-ext-preset--group--natural-1--item-card-1--align-start--3\">\n<div class=\"wp-block-group is-style-default has-secondary-background-color has-background has-global-padding is-layout-constrained wp-block-group-is-layout-constrained\" style=\"border-top-left-radius:0px;border-top-right-radius:0px;border-bottom-left-radius:0px;border-bottom-right-radius:0px\">\n<figure class=\"wp-block-gallery has-nested-images columns-default is-cropped wp-block-gallery-4 is-layout-flex wp-block-gallery-is-layout-flex\">\n<figure class=\"wp-block-image size-full has-custom-border ext-aspect-landscape\"><img decoding=\"async\" data-id=\"3902\" src=\"https:\/\/rtvgastro.es\/wp-content\/uploads\/2026\/04\/ANOCHECER-PESCADERIA-Y-SAN-PEDRO-GIJON.jpg\" alt=\"anochecer desde el final de la playa de san lorenzo de gijon\" class=\"wp-image-3902\" style=\"border-top-left-radius:20px;border-top-right-radius:20px;border-bottom-left-radius:20px;border-bottom-right-radius:20px;aspect-ratio:1;object-fit:cover\"\/><\/figure>\n<\/figure>\n\n\n\n<h3 class=\"wp-block-heading\">Xix\u00f3n\/Gij\u00f3n<\/h3>\n\n\n\n<p>Xix\u00f3n es una ciudad para disfrutar, para descubrir sensaciones, aromas, sabores y saberes<\/p>\n<\/div>\n\n\n\n<div class=\"wp-block-buttons alignwide is-content-justification-center is-layout-flex wp-container-core-buttons-is-layout-a89b3969 wp-block-buttons-is-layout-flex\">\n<div class=\"wp-block-button\"><a class=\"wp-block-button__link has-secondary-color has-foreground-background-color has-text-color has-background has-link-color has-small-font-size has-custom-font-size wp-element-button\" href=\"https:\/\/rtvgastro.es\/en\/xixon-gijon-la-ciudad-adaptada-al-paso-del-tiempo\/\" style=\"border-top-left-radius:100px;border-top-right-radius:100px;border-bottom-left-radius:100px;border-bottom-right-radius:100px\">LL\u00c9VAME<\/a><\/div>\n<\/div>\n<\/div>\n<\/div>\n\n\n\n<div class=\"wp-block-column is-vertically-aligned-stretch is-layout-flow wp-container-core-column-is-layout-f5bb311e wp-block-column-is-layout-flow\">\n<div class=\"wp-block-group is-style-ext-preset--group--natural-1--item-card-1--align-start has-secondary-background-color has-background has-global-padding is-layout-constrained wp-block-group-is-layout-constrained is-style-ext-preset--group--natural-1--item-card-1--align-start--5\">\n<div class=\"wp-block-group is-style-default has-secondary-background-color has-background has-global-padding is-layout-constrained wp-block-group-is-layout-constrained\">\n<figure class=\"wp-block-gallery has-nested-images columns-default is-cropped wp-block-gallery-6 is-layout-flex wp-block-gallery-is-layout-flex\">\n<figure class=\"wp-block-image size-full has-custom-border ext-aspect-landscape is-style-default\" style=\"margin-top:0;margin-bottom:0\"><img loading=\"lazy\" decoding=\"async\" width=\"1280\" height=\"720\" data-id=\"2516\" src=\"https:\/\/rtvgastro.es\/wp-content\/uploads\/2026\/03\/cachapa-venezolana.jpeg\" alt=\"cachapa venezolana elaborada a partir de maiz\" class=\"wp-image-2516\" style=\"border-top-left-radius:20px;border-top-right-radius:20px;border-bottom-left-radius:20px;border-bottom-right-radius:20px;aspect-ratio:1;object-fit:cover\"\/><\/figure>\n<\/figure>\n\n\n\n<h3 class=\"wp-block-heading\">Receta Arepas Venezolanas<\/h3>\n\n\n\n<p>Algunos estudiosos del idioma indican que la palabra\u00a0arepa\u00a0proviene del vocablo ind\u00edgena \u00aberepa\u00bb<\/p>\n<\/div>\n\n\n\n<div class=\"wp-block-buttons is-content-justification-center is-layout-flex wp-container-core-buttons-is-layout-a89b3969 wp-block-buttons-is-layout-flex\">\n<div class=\"wp-block-button\"><a class=\"wp-block-button__link has-secondary-color has-foreground-background-color has-text-color has-background has-link-color has-small-font-size has-custom-font-size wp-element-button\" href=\"htthttps:\/\/rtvgastro.es\/receta-arepas-venzolanas\/\">A COCINAR<\/a><\/div>\n<\/div>\n<\/div>\n<\/div>\n\n\n\n<div class=\"wp-block-column is-vertically-aligned-stretch is-layout-flow wp-container-core-column-is-layout-f5bb311e wp-block-column-is-layout-flow\">\n<div class=\"wp-block-group is-style-ext-preset--group--natural-1--item-card-1--align-start has-secondary-background-color has-background has-global-padding is-layout-constrained wp-block-group-is-layout-constrained is-style-ext-preset--group--natural-1--item-card-1--align-start--7\">\n<div class=\"wp-block-group is-style-default has-secondary-background-color has-background has-global-padding is-layout-constrained wp-block-group-is-layout-constrained\">\n<figure class=\"wp-block-gallery has-nested-images columns-default is-cropped wp-block-gallery-8 is-layout-flex wp-block-gallery-is-layout-flex\">\n<figure class=\"wp-block-image size-full has-custom-border ext-aspect-landscape\"><img loading=\"lazy\" decoding=\"async\" width=\"480\" height=\"480\" data-id=\"3982\" src=\"https:\/\/rtvgastro.es\/wp-content\/uploads\/2026\/04\/jose-masaveu-edited.png\" alt=\"Jos\u00e9 Masaveu es el director general de grupo masaveu\" class=\"wp-image-3982\" style=\"border-top-left-radius:20px;border-top-right-radius:20px;border-bottom-left-radius:20px;border-bottom-right-radius:20px;object-fit:cover\" srcset=\"https:\/\/rtvgastro.es\/wp-content\/uploads\/2026\/04\/jose-masaveu-edited.png 480w, https:\/\/rtvgastro.es\/wp-content\/uploads\/2026\/04\/jose-masaveu-edited-300x300.png 300w, https:\/\/rtvgastro.es\/wp-content\/uploads\/2026\/04\/jose-masaveu-edited-150x150.png 150w, https:\/\/rtvgastro.es\/wp-content\/uploads\/2026\/04\/jose-masaveu-edited-12x12.png 12w\" sizes=\"auto, (max-width: 480px) 100vw, 480px\" \/><\/figure>\n<\/figure>\n\n\n\n<h3 class=\"wp-block-heading\">Charlando con&#8230;<\/h3>\n\n\n\n<p>Jos\u00e9 Masaveu es el director general de Grupo Masaveu con bodegas en diferentes zonas de Espa\u00f1a<\/p>\n<\/div>\n\n\n\n<div class=\"wp-block-buttons is-content-justification-center is-layout-flex wp-container-core-buttons-is-layout-a89b3969 wp-block-buttons-is-layout-flex\">\n<div class=\"wp-block-button\"><a class=\"wp-block-button__link has-secondary-color has-foreground-background-color has-text-color has-background has-link-color has-small-font-size has-custom-font-size wp-element-button\" href=\"https:\/\/rtvgastro.es\/en\/masaveu\/\">CHARLEMOS<\/a><\/div>\n<\/div>\n<\/div>\n<\/div>\n<\/div>\n<\/div>\n<\/div>\n\n\n\n<div class=\"wp-block-group alignfull is-style-ext-preset--group--natural-1--section has-background-background-color has-background has-global-padding is-layout-constrained wp-container-core-group-is-layout-e955bbaf wp-block-group-is-layout-constrained is-style-ext-preset--group--natural-1--section--9\" style=\"margin-top:0;margin-bottom:0;padding-top:var(--wp--preset--spacing--70);padding-bottom:var(--wp--preset--spacing--70)\">\n<div class=\"wp-block-media-text alignwide is-stacked-on-mobile is-image-fill-element is-style-ext-preset--media-text--natural-1--card-1 has-tertiary-background-color has-background is-style-ext-preset--media-text--natural-1--card-1--10\"><figure class=\"wp-block-media-text__media\"><img loading=\"lazy\" decoding=\"async\" width=\"768\" height=\"1024\" src=\"https:\/\/rtvgastro.es\/wp-content\/uploads\/2026\/03\/DURAN-5V-768x1024.jpg\" alt=\"\" class=\"wp-image-1855 size-full\" style=\"object-position:50% 50%\" srcset=\"https:\/\/rtvgastro.es\/wp-content\/uploads\/2026\/03\/DURAN-5V-768x1023.jpg 768w, https:\/\/rtvgastro.es\/wp-content\/uploads\/2026\/03\/DURAN-5V-225x300.jpg 225w, https:\/\/rtvgastro.es\/wp-content\/uploads\/2026\/03\/DURAN-5V-9x12.jpg 9w, https:\/\/rtvgastro.es\/wp-content\/uploads\/2026\/03\/DURAN-5V.jpg 1013w\" sizes=\"auto, (max-width: 768px) 100vw, 768px\" \/><\/figure><div class=\"wp-block-media-text__content\">\n<div class=\"wp-block-group alignwide has-secondary-background-color has-background is-vertical is-layout-flex wp-container-core-group-is-layout-53474e87 wp-block-group-is-layout-flex\" style=\"padding-top:var(--wp--preset--spacing--60);padding-bottom:var(--wp--preset--spacing--60)\">\n<div class=\"wp-block-group has-global-padding is-layout-constrained wp-container-core-group-is-layout-812d5580 wp-block-group-is-layout-constrained\" style=\"padding-top:0;padding-right:0;padding-bottom:0;padding-left:0\">\n<h1 class=\"wp-block-heading\">La Bodega de Serxu Solares<\/h1>\n\n\n\n<h4 class=\"wp-block-heading\"><br><strong>Duran 5V Gran Reserva<\/strong><br><\/h4>\n\n\n\n<p>Tengo la suerte de poder degustar una de esas joyas de la enolog\u00eda que caen en mis manos de vez en cuando y que te sorprenden gratamente.<\/p>\n<\/div>\n\n\n\n<div class=\"wp-block-buttons is-content-justification-center is-layout-flex wp-container-core-buttons-is-layout-a89b3969 wp-block-buttons-is-layout-flex\">\n<div class=\"wp-block-button is-style-ext-preset--button--natural-1--button-1 is-style-ext-preset--button--natural-1--button-1--11\"><a class=\"wp-block-button__link has-secondary-color has-foreground-background-color has-text-color has-background has-link-color wp-element-button\" href=\"https:\/\/rtvgastro.es\/en\/la-bodega-de-serxu-solares\/\" style=\"border-top-left-radius:100px;border-top-right-radius:100px;border-bottom-left-radius:100px;border-bottom-right-radius:100px\">MAS BODEGA<\/a><\/div>\n<\/div>\n<\/div>\n<\/div><\/div>\n\n\n\n<figure class=\"wp-block-embed alignwide is-type-video is-provider-youtube wp-block-embed-youtube wp-embed-aspect-16-9 wp-has-aspect-ratio\"><div class=\"wp-block-embed__wrapper\">\n<iframe loading=\"lazy\" title=\"RTVGastro - Ca\u0301diz Gastron\u00f3mico\" width=\"500\" height=\"281\" src=\"https:\/\/www.youtube.com\/embed\/AtgP7CM7IL0?feature=oembed\" frameborder=\"0\" allow=\"accelerometer; autoplay; clipboard-write; encrypted-media; gyroscope; picture-in-picture; web-share\" referrerpolicy=\"strict-origin-when-cross-origin\" allowfullscreen><\/iframe>\n<\/div><\/figure>\n\n\n\n<figure class=\"wp-block-embed alignwide is-type-rich is-provider-spotify wp-block-embed-spotify wp-embed-aspect-21-9 wp-has-aspect-ratio\"><div class=\"wp-block-embed__wrapper\">\n<iframe title=\"Spotify Embed: Descubrimos el mundo de las ostras\" style=\"border-radius: 12px\" width=\"100%\" height=\"152\" frameborder=\"0\" allowfullscreen allow=\"autoplay; clipboard-write; encrypted-media; fullscreen; picture-in-picture\" loading=\"lazy\" src=\"https:\/\/open.spotify.com\/embed\/episode\/7dsZwvo7zYASeX7c658Xzw?si=wDz20f8CQNaNBas5JXHrbQ&amp;utm_source=oembed\"><\/iframe>\n<\/div><\/figure>\n<\/div>","protected":false},"excerpt":{"rendered":"<p>Bienvenid@ a la Comunicaci\u00f3n Gastron\u00f3mica Xix\u00f3n\/Gij\u00f3n Xix\u00f3n es una ciudad para disfrutar, para descubrir sensaciones, aromas, sabores y saberes Receta Arepas Venezolanas Algunos estudiosos del idioma indican que la palabra\u00a0arepa\u00a0proviene del vocablo ind\u00edgena \u00aberepa\u00bb Charlando con&#8230; Jos\u00e9 Masaveu es el director general de Grupo Masaveu con bodegas en diferentes zonas de Espa\u00f1a La Bodega de [&hellip;]<\/p>\n","protected":false},"author":1,"featured_media":0,"parent":0,"menu_order":0,"comment_status":"closed","ping_status":"closed","template":"page-with-title","meta":{"_monsterinsights_skip_tracking":false,"_monsterinsights_sitenote_active":false,"_monsterinsights_sitenote_note":"","_monsterinsights_sitenote_category":0,"_uf_show_specific_survey":0,"_uf_disable_surveys":false,"footnotes":""},"class_list":["post-442","page","type-page","status-publish","hentry"],"aioseo_notices":[],"_links":{"self":[{"href":"https:\/\/rtvgastro.es\/en\/wp-json\/wp\/v2\/pages\/442","targetHints":{"allow":["GET"]}}],"collection":[{"href":"https:\/\/rtvgastro.es\/en\/wp-json\/wp\/v2\/pages"}],"about":[{"href":"https:\/\/rtvgastro.es\/en\/wp-json\/wp\/v2\/types\/page"}],"author":[{"embeddable":true,"href":"https:\/\/rtvgastro.es\/en\/wp-json\/wp\/v2\/users\/1"}],"replies":[{"embeddable":true,"href":"https:\/\/rtvgastro.es\/en\/wp-json\/wp\/v2\/comments?post=442"}],"version-history":[{"count":66,"href":"https:\/\/rtvgastro.es\/en\/wp-json\/wp\/v2\/pages\/442\/revisions"}],"predecessor-version":[{"id":3984,"href":"https:\/\/rtvgastro.es\/en\/wp-json\/wp\/v2\/pages\/442\/revisions\/3984"}],"wp:attachment":[{"href":"https:\/\/rtvgastro.es\/en\/wp-json\/wp\/v2\/media?parent=442"}],"curies":[{"name":"wp","href":"https:\/\/api.w.org\/{rel}","templated":true}]}}